{"id":44755,"date":"2025-04-04T09:06:22","date_gmt":"2025-04-04T09:06:22","guid":{"rendered":"https:\/\/sharebox.global\/offene-stellen\/"},"modified":"2025-05-07T07:34:02","modified_gmt":"2025-05-07T07:34:02","slug":"offene-stellen","status":"publish","type":"page","link":"https:\/\/sharebox.global\/de\/offene-stellen\/","title":{"rendered":"Offene Stellen"},"content":{"rendered":"\n<h2 class=\"wp-block-heading has-text-align-center\"><strong>Offene Stellen  <\/strong><\/h2>\n\n<h2 class=\"wp-block-heading has-text-align-center\">Wir sind aktiv auf der Suche nach neuen Mitarbeitern!<\/h2>\n\n<figure class=\"wp-block-embed is-type-video is-provider-youtube wp-block-embed-youtube wp-embed-aspect-16-9 wp-has-aspect-ratio\"><div class=\"wp-block-embed__wrapper\">\n<iframe title=\"Sharebox - Who We Are\" width=\"1240\" height=\"698\" src=\"https:\/\/www.youtube.com\/embed\/6wD837wkVqM?feature=oembed\" frameborder=\"0\" allow=\"accelerometer; autoplay; clipboard-write; encrypted-media; gyroscope; picture-in-picture; web-share\" referrerpolicy=\"strict-origin-when-cross-origin\" allowfullscreen><\/iframe>\n<\/div><\/figure>\n\n<p class=\"has-text-align-center\"><strong><em>Wir erwarten einen starken Fokus auf die Digitalisierung in der  <\/em><\/strong><br\/><strong><em>kommenden Jahren und erweitern unsere Dienstleistungen und  <\/em><\/strong><br\/><strong><em>Kapazit\u00e4ten weltweit. Wir begr\u00fc\u00dfen mehr Menschen   <\/em><\/strong><br\/><strong><em>zu unserem Team, sagt Arne Eivind Andersen,  <\/em><\/strong><br\/><strong><em>CEO und Gr\u00fcnder.<\/em><\/strong><\/p>\n\n<h2 class=\"wp-block-heading has-text-align-center\">Unsere Mitarbeiter sind der <br\/>innovative Geist, der den Kern von <br\/>Sharebox ausmacht.<\/h2>\n\n<h2 class=\"wp-block-heading has-text-align-center\"><strong>Wir sind aktiv auf der Suche nach neuen Mitarbeitern:<\/strong><\/h2>\n\n<div class=\"wp-block-group alignwide is-content-justification-center is-nowrap is-layout-flex wp-container-core-group-is-layout-94bc23d7 wp-block-group-is-layout-flex\">\n<div class=\"wp-block-columns alignwide are-vertically-aligned-center is-layout-flex wp-container-core-columns-is-layout-9d6595d7 wp-block-columns-is-layout-flex\">\n<div class=\"wp-block-column is-vertically-aligned-center is-layout-flow wp-block-column-is-layout-flow\" style=\"flex-basis:100%\">\n<ul class=\"wp-block-list\">\n<li><strong>Software-Entwickler<\/strong><\/li>\n\n\n\n<li><strong>Software-Tester<\/strong><\/li>\n\n\n\n<li><strong>Software f\u00fcr Gruppenleiter<\/strong><\/li>\n\n\n\n<li><strong>Product Owner<\/strong><\/li>\n\n\n\n<li><strong>Prozessverantwortlicher<\/strong><\/li>\n\n\n\n<li><strong>Produktionskoordinatoren<\/strong><\/li>\n\n\n\n<li><strong>Logistik-Koordinatoren<\/strong><\/li>\n\n\n\n<li><strong>Operation Koordinatoren<\/strong><\/li>\n<\/ul>\n<\/div>\n<\/div>\n<\/div>\n\n<p><\/p>\n\n<h2 class=\"wp-block-heading has-text-align-center\">Was wir suchen<\/h2>\n\n<p class=\"has-text-align-center\"><strong>Wir wollen Menschen, die sich f\u00fcr die richtigen <br\/>Probleme interessieren, die es zu l\u00f6sen gilt, und denen es wichtig ist, ihre <br\/>beste Arbeit zu leisten. Ganz gleich, ob die Antwort in einem Produkt <br\/>oder einer Softwareverbesserung liegt, wir wollen die \u00c4rmel hochkrempeln <br\/>und die Art und Weise, wie Dinge gemacht werden, in Frage stellen. Wir <br\/>wollen etwas aufbauen, das einen <br\/>positiven und bleibenden Eindruck hinterl\u00e4sst.  <\/strong><\/p>\n\n<p class=\"has-text-align-center\"><strong>Was sich unser Team w\u00fcnscht<\/strong><br\/>Sie m\u00fcssen in der Lage sein, sich auf Norwegisch zu verst\u00e4ndigen und <br\/>\u00fcber gute Englischkenntnisse verf\u00fcgen. Vorzugsweise eine Hochschulausbildung \/<br\/>Universit\u00e4t. Einschl\u00e4gige Erfahrung und Kompetenz k\u00f6nnen<br\/>einen Mangel an Hochschulbildung ausgleichen.  <\/p>\n\n<p class=\"has-text-align-center\"><strong>Was wir bieten<\/strong><br\/>Spannende und herausfordernde Aufgaben in einem marktf\u00fchrenden <br\/>Unternehmen im Wachstum. Jede Woche Zeit f\u00fcr <br\/>Lernen und berufliche Entwicklung. Gute <br\/>M\u00f6glichkeiten zur beruflichen Weiterentwicklung in <br\/>gr\u00f6\u00dferen Projekten. Starkes berufliches Umfeld <br\/>das Ihnen Herausforderungen und Wissen bietet, so dass Sie <br\/>schnell Teil des Teams werden k\u00f6nnen. Flexible Arbeitszeiten <br\/>. Gute Renten- und Versicherungspl\u00e4ne mit<br\/>wettbewerbsf\u00e4higen Bedingungen.     <\/p>\n\n<p class=\"has-text-align-center\"><strong>Vorteile <\/strong><br\/>Gutes Gehalt, gute Renten-, Versicherungs- und<br\/>Elternurlaubsregelungen, Weihnachts- und Osterurlaub zus\u00e4tzlich zu den regul\u00e4ren Feiertagen <br\/>. Wir haben einen angenehmen <br\/>Arbeitsalltag in modernen R\u00e4umlichkeiten mit sozialen Zonen, <br\/>Aufenthaltsraum mit Meerblick, K\u00fcche\/Kantine, Kaffeemaschine <br\/>und einen Strand in der N\u00e4he f\u00fcr Ihr morgendliches Bad <br\/>wenn Sie so etwas m\u00f6gen! <\/p>\n\n<p class=\"has-text-align-center\"><strong>N\u00fctzliches Wissen<\/strong><br\/>Der Arbeitsplatz befindet sich in der Tangen All\u00e9 41, 4817 His, Arendal<br\/>Die Bewerbungsfrist l\u00e4uft so bald wie m\u00f6glich ab. <br\/>Wir pr\u00fcfen die Bewerbungen laufend.<\/p>\n\n<h2 class=\"wp-block-heading has-text-align-center\">Sind Sie bereit, ein neues Kapitel mit uns aufzuschlagen?<\/h2>\n\n<div class=\"wp-block-columns alignwide are-vertically-aligned-center is-layout-flex wp-container-core-columns-is-layout-9d6595d7 wp-block-columns-is-layout-flex\">\n<div class=\"wp-block-column is-vertically-aligned-center is-layout-flow wp-block-column-is-layout-flow\" style=\"flex-basis:100%\">\n<div class=\"wp-block-columns is-layout-flex wp-container-core-columns-is-layout-9d6595d7 wp-block-columns-is-layout-flex\">\n<div class=\"wp-block-column is-layout-flow wp-block-column-is-layout-flow\" style=\"flex-basis:100%\">\n<div class=\"wp-block-group is-layout-constrained wp-block-group-is-layout-constrained\">\n<div class=\"wp-block-columns is-layout-flex wp-container-core-columns-is-layout-9d6595d7 wp-block-columns-is-layout-flex\">\n<div class=\"wp-block-column is-vertically-aligned-center is-layout-flow wp-block-column-is-layout-flow\" style=\"flex-basis:100%\">\n<script charset=\"utf-8\" type=\"text\/javascript\" src=\"\/\/js.hsforms.net\/forms\/embed\/v2.js\"><\/script><script>hbspt.forms.create({\n    region: \"na1\",\n    portalId: \"4025274\",\n    formId: \"2d9b8bb4-0ba5-4c3c-937c-3ac93592b66c\"\n  });\n<\/script>\n<\/div>\n<\/div>\n<\/div>\n<\/div>\n<\/div>\n<\/div>\n<\/div>\n\n<p class=\"has-text-align-center\"><\/p>\n","protected":false},"excerpt":{"rendered":"<p>Offene Stellen Wir sind aktiv auf der Suche nach neuen Mitarbeitern! Wir erwarten einen starken Fokus auf die Digitalisierung in der kommenden Jahren und erweitern<\/p>\n","protected":false},"author":1,"featured_media":0,"parent":0,"menu_order":0,"comment_status":"closed","ping_status":"closed","template":"","meta":{"_acf_changed":false,"content-type":"","inline_featured_image":false,"footnotes":""},"class_list":["post-44755","page","type-page","status-publish","hentry"],"acf":[],"yoast_head":"<!-- This site is optimized with the Yoast SEO plugin v27.5 - https:\/\/yoast.com\/product\/yoast-seo-wordpress\/ -->\n<title>Offene Stellen - Sharebox<\/title>\n<meta name=\"robots\" content=\"index, follow, max-snippet:-1, max-image-preview:large, max-video-preview:-1\" \/>\n<link rel=\"canonical\" href=\"https:\/\/sharebox.global\/de\/offene-stellen\/\" \/>\n<meta property=\"og:locale\" content=\"de_DE\" \/>\n<meta property=\"og:type\" content=\"article\" \/>\n<meta property=\"og:title\" content=\"Offene Stellen - Sharebox\" \/>\n<meta property=\"og:description\" content=\"Offene Stellen Wir sind aktiv auf der Suche nach neuen Mitarbeitern! Wir erwarten einen starken Fokus auf die Digitalisierung in der kommenden Jahren und erweitern\" \/>\n<meta property=\"og:url\" content=\"https:\/\/sharebox.global\/de\/offene-stellen\/\" \/>\n<meta property=\"og:site_name\" content=\"Sharebox\" \/>\n<meta property=\"article:publisher\" content=\"https:\/\/www.facebook.com\/SHAREBOX.NO\/\" \/>\n<meta property=\"article:modified_time\" content=\"2025-05-07T07:34:02+00:00\" \/>\n<meta property=\"og:image\" content=\"https:\/\/sharebox.global\/wp-content\/uploads\/2025\/04\/Volkswagen-Nutzfahrzeuge-Service-Station-mit-Dach.png\" \/>\n\t<meta property=\"og:image:width\" content=\"1170\" \/>\n\t<meta property=\"og:image:height\" content=\"521\" \/>\n\t<meta property=\"og:image:type\" content=\"image\/png\" \/>\n<meta name=\"twitter:card\" content=\"summary_large_image\" \/>\n<meta name=\"twitter:label1\" content=\"Gesch\u00e4tzte Lesezeit\" \/>\n\t<meta name=\"twitter:data1\" content=\"2\u00a0Minute\" \/>\n<script type=\"application\/ld+json\" class=\"yoast-schema-graph\">{\"@context\":\"https:\\\/\\\/schema.org\",\"@graph\":[{\"@type\":\"WebPage\",\"@id\":\"https:\\\/\\\/sharebox.global\\\/de\\\/offene-stellen\\\/\",\"url\":\"https:\\\/\\\/sharebox.global\\\/de\\\/offene-stellen\\\/\",\"name\":\"Offene Stellen - Sharebox\",\"isPartOf\":{\"@id\":\"https:\\\/\\\/sharebox.global\\\/de\\\/#website\"},\"datePublished\":\"2025-04-04T09:06:22+00:00\",\"dateModified\":\"2025-05-07T07:34:02+00:00\",\"breadcrumb\":{\"@id\":\"https:\\\/\\\/sharebox.global\\\/de\\\/offene-stellen\\\/#breadcrumb\"},\"inLanguage\":\"de\",\"potentialAction\":[{\"@type\":\"ReadAction\",\"target\":[\"https:\\\/\\\/sharebox.global\\\/de\\\/offene-stellen\\\/\"]}]},{\"@type\":\"BreadcrumbList\",\"@id\":\"https:\\\/\\\/sharebox.global\\\/de\\\/offene-stellen\\\/#breadcrumb\",\"itemListElement\":[{\"@type\":\"ListItem\",\"position\":1,\"name\":\"Home\",\"item\":\"https:\\\/\\\/sharebox.global\\\/de\\\/\"},{\"@type\":\"ListItem\",\"position\":2,\"name\":\"Offene Stellen\"}]},{\"@type\":\"WebSite\",\"@id\":\"https:\\\/\\\/sharebox.global\\\/de\\\/#website\",\"url\":\"https:\\\/\\\/sharebox.global\\\/de\\\/\",\"name\":\"Sharebox\",\"description\":\"Infrastructure for 24\\\/7 vehicle handover\",\"publisher\":{\"@id\":\"https:\\\/\\\/sharebox.global\\\/de\\\/#organization\"},\"potentialAction\":[{\"@type\":\"SearchAction\",\"target\":{\"@type\":\"EntryPoint\",\"urlTemplate\":\"https:\\\/\\\/sharebox.global\\\/de\\\/?s={search_term_string}\"},\"query-input\":{\"@type\":\"PropertyValueSpecification\",\"valueRequired\":true,\"valueName\":\"search_term_string\"}}],\"inLanguage\":\"de\"},{\"@type\":\"Organization\",\"@id\":\"https:\\\/\\\/sharebox.global\\\/de\\\/#organization\",\"name\":\"Sharebox\",\"url\":\"https:\\\/\\\/sharebox.global\\\/de\\\/\",\"logo\":{\"@type\":\"ImageObject\",\"inLanguage\":\"de\",\"@id\":\"https:\\\/\\\/sharebox.global\\\/de\\\/#\\\/schema\\\/logo\\\/image\\\/\",\"url\":\"https:\\\/\\\/sharebox.global\\\/wp-content\\\/uploads\\\/2024\\\/04\\\/Sharebox-logo-red-on-white-500px.png\",\"contentUrl\":\"https:\\\/\\\/sharebox.global\\\/wp-content\\\/uploads\\\/2024\\\/04\\\/Sharebox-logo-red-on-white-500px.png\",\"width\":450,\"height\":63,\"caption\":\"Sharebox\"},\"image\":{\"@id\":\"https:\\\/\\\/sharebox.global\\\/de\\\/#\\\/schema\\\/logo\\\/image\\\/\"},\"sameAs\":[\"https:\\\/\\\/www.facebook.com\\\/SHAREBOX.NO\\\/\",\"https:\\\/\\\/www.linkedin.com\\\/company\\\/sharebox-as\\\/\",\"https:\\\/\\\/www.youtube.com\\\/channel\\\/UCGwoGdfNeD59c2s4qhf0gLQ\"]}]}<\/script>\n<!-- \/ Yoast SEO plugin. -->","yoast_head_json":{"title":"Offene Stellen - Sharebox","robots":{"index":"index","follow":"follow","max-snippet":"max-snippet:-1","max-image-preview":"max-image-preview:large","max-video-preview":"max-video-preview:-1"},"canonical":"https:\/\/sharebox.global\/de\/offene-stellen\/","og_locale":"de_DE","og_type":"article","og_title":"Offene Stellen - Sharebox","og_description":"Offene Stellen Wir sind aktiv auf der Suche nach neuen Mitarbeitern! Wir erwarten einen starken Fokus auf die Digitalisierung in der kommenden Jahren und erweitern","og_url":"https:\/\/sharebox.global\/de\/offene-stellen\/","og_site_name":"Sharebox","article_publisher":"https:\/\/www.facebook.com\/SHAREBOX.NO\/","article_modified_time":"2025-05-07T07:34:02+00:00","og_image":[{"width":1170,"height":521,"url":"https:\/\/sharebox.global\/wp-content\/uploads\/2025\/04\/Volkswagen-Nutzfahrzeuge-Service-Station-mit-Dach.png","type":"image\/png"}],"twitter_card":"summary_large_image","twitter_misc":{"Gesch\u00e4tzte Lesezeit":"2\u00a0Minute"},"schema":{"@context":"https:\/\/schema.org","@graph":[{"@type":"WebPage","@id":"https:\/\/sharebox.global\/de\/offene-stellen\/","url":"https:\/\/sharebox.global\/de\/offene-stellen\/","name":"Offene Stellen - Sharebox","isPartOf":{"@id":"https:\/\/sharebox.global\/de\/#website"},"datePublished":"2025-04-04T09:06:22+00:00","dateModified":"2025-05-07T07:34:02+00:00","breadcrumb":{"@id":"https:\/\/sharebox.global\/de\/offene-stellen\/#breadcrumb"},"inLanguage":"de","potentialAction":[{"@type":"ReadAction","target":["https:\/\/sharebox.global\/de\/offene-stellen\/"]}]},{"@type":"BreadcrumbList","@id":"https:\/\/sharebox.global\/de\/offene-stellen\/#breadcrumb","itemListElement":[{"@type":"ListItem","position":1,"name":"Home","item":"https:\/\/sharebox.global\/de\/"},{"@type":"ListItem","position":2,"name":"Offene Stellen"}]},{"@type":"WebSite","@id":"https:\/\/sharebox.global\/de\/#website","url":"https:\/\/sharebox.global\/de\/","name":"Sharebox","description":"Infrastructure for 24\/7 vehicle handover","publisher":{"@id":"https:\/\/sharebox.global\/de\/#organization"},"potentialAction":[{"@type":"SearchAction","target":{"@type":"EntryPoint","urlTemplate":"https:\/\/sharebox.global\/de\/?s={search_term_string}"},"query-input":{"@type":"PropertyValueSpecification","valueRequired":true,"valueName":"search_term_string"}}],"inLanguage":"de"},{"@type":"Organization","@id":"https:\/\/sharebox.global\/de\/#organization","name":"Sharebox","url":"https:\/\/sharebox.global\/de\/","logo":{"@type":"ImageObject","inLanguage":"de","@id":"https:\/\/sharebox.global\/de\/#\/schema\/logo\/image\/","url":"https:\/\/sharebox.global\/wp-content\/uploads\/2024\/04\/Sharebox-logo-red-on-white-500px.png","contentUrl":"https:\/\/sharebox.global\/wp-content\/uploads\/2024\/04\/Sharebox-logo-red-on-white-500px.png","width":450,"height":63,"caption":"Sharebox"},"image":{"@id":"https:\/\/sharebox.global\/de\/#\/schema\/logo\/image\/"},"sameAs":["https:\/\/www.facebook.com\/SHAREBOX.NO\/","https:\/\/www.linkedin.com\/company\/sharebox-as\/","https:\/\/www.youtube.com\/channel\/UCGwoGdfNeD59c2s4qhf0gLQ"]}]}},"_links":{"self":[{"href":"https:\/\/sharebox.global\/de\/wp-json\/wp\/v2\/pages\/44755","targetHints":{"allow":["GET"]}}],"collection":[{"href":"https:\/\/sharebox.global\/de\/wp-json\/wp\/v2\/pages"}],"about":[{"href":"https:\/\/sharebox.global\/de\/wp-json\/wp\/v2\/types\/page"}],"author":[{"embeddable":true,"href":"https:\/\/sharebox.global\/de\/wp-json\/wp\/v2\/users\/1"}],"replies":[{"embeddable":true,"href":"https:\/\/sharebox.global\/de\/wp-json\/wp\/v2\/comments?post=44755"}],"version-history":[{"count":1,"href":"https:\/\/sharebox.global\/de\/wp-json\/wp\/v2\/pages\/44755\/revisions"}],"predecessor-version":[{"id":44756,"href":"https:\/\/sharebox.global\/de\/wp-json\/wp\/v2\/pages\/44755\/revisions\/44756"}],"wp:attachment":[{"href":"https:\/\/sharebox.global\/de\/wp-json\/wp\/v2\/media?parent=44755"}],"curies":[{"name":"wp","href":"https:\/\/api.w.org\/{rel}","templated":true}]}}