{"id":44777,"date":"2025-04-04T09:06:22","date_gmt":"2025-04-04T09:06:22","guid":{"rendered":"https:\/\/sharebox.global\/nexi-dach\/"},"modified":"2025-05-07T07:34:05","modified_gmt":"2025-05-07T07:34:05","slug":"nexi-dach-3","status":"publish","type":"international","link":"https:\/\/sharebox.global\/es\/international\/nexi-dach-3\/","title":{"rendered":"Nexi DACH"},"content":{"rendered":"\n<h1 class=\"wp-block-heading has-text-align-center\"><br\/><strong>Selbsbediente 24h Fahrzeug\u00fcbergabe<\/strong><\/h1>\n\n<figure class=\"wp-block-image size-full\"><img decoding=\"async\" width=\"1920\" height=\"983\" src=\"https:\/\/sharebox.global\/wp-content\/uploads\/2023\/11\/Malin-banner.jpg\" alt=\"Llave de recogida del cliente feliz de Sharebox\" class=\"wp-image-14902\" srcset=\"https:\/\/sharebox.global\/wp-content\/uploads\/2023\/11\/Malin-banner.jpg 1920w, https:\/\/sharebox.global\/wp-content\/uploads\/2023\/11\/Malin-banner-300x154.jpg 300w, https:\/\/sharebox.global\/wp-content\/uploads\/2023\/11\/Malin-banner-768x393.jpg 768w, https:\/\/sharebox.global\/wp-content\/uploads\/2023\/11\/Malin-banner-1536x786.jpg 1536w\" sizes=\"(max-width: 1920px) 100vw, 1920px\" \/><\/figure>\n\n<p class=\"has-text-align-center\"><strong>La Estaci\u00f3n de Servicio Sharebox es un sistema vollautomatizado de gesti\u00f3n de veh\u00edculos, con redes Nexi integradas a trav\u00e9s de una API, para mejorar la satisfacci\u00f3n del cliente, reducir los costes y aumentar el volumen de ventas.<\/strong><\/p>\n\n<figure class=\"wp-block-image size-full\"><img decoding=\"async\" width=\"1275\" height=\"551\" src=\"https:\/\/sharebox.global\/wp-content\/uploads\/2023\/11\/MicrosoftTeams-image-28.jpg\" alt=\"\" class=\"wp-image-15017\" srcset=\"https:\/\/sharebox.global\/wp-content\/uploads\/2023\/11\/MicrosoftTeams-image-28.jpg 1275w, https:\/\/sharebox.global\/wp-content\/uploads\/2023\/11\/MicrosoftTeams-image-28-300x130.jpg 300w, https:\/\/sharebox.global\/wp-content\/uploads\/2023\/11\/MicrosoftTeams-image-28-768x332.jpg 768w\" sizes=\"(max-width: 1275px) 100vw, 1275px\" \/><\/figure>\n\n<p class=\"has-text-align-center\"><strong>La Pasarela de Cobros de Nexi Nets est\u00e1 totalmente integrada en Sharebox y permite una gesti\u00f3n de veh\u00edculos m\u00e1s sencilla y cobros autom\u00e1ticos.<\/strong><\/p>\n\n<figure class=\"wp-block-embed aligncenter is-type-video is-provider-youtube wp-block-embed-youtube wp-embed-aspect-16-9 wp-has-aspect-ratio\"><div class=\"wp-block-embed__wrapper\">\n<iframe title=\"Porsche Zentrum Augsburg - Schl\u00fcssel\u00fcbergabe\" width=\"1240\" height=\"698\" src=\"https:\/\/www.youtube.com\/embed\/a75DuPFR0Bg?feature=oembed\" frameborder=\"0\" allow=\"accelerometer; autoplay; clipboard-write; encrypted-media; gyroscope; picture-in-picture; web-share\" referrerpolicy=\"strict-origin-when-cross-origin\" allowfullscreen><\/iframe>\n<\/div><\/figure>\n\n<div style=\"height:100px\" aria-hidden=\"true\" class=\"wp-block-spacer\"><\/div>\n\n<h2 class=\"wp-block-heading has-text-align-center\"><strong>Paleta de modelos Sharebox<\/strong><\/h2>\n\n<div class=\"wp-block-columns is-layout-flex wp-container-core-columns-is-layout-9d6595d7 wp-block-columns-is-layout-flex\">\n<div class=\"wp-block-column is-layout-flow wp-block-column-is-layout-flow\">\n<div id=\"text-with-image-with-border--block_16e33ce4bd0502ad13fa2c18f5d487ce\" class=\"root-level-block text-with-image-with-border grid-70-30\">\n    <div class=\"container\">\n    <div class=\"column-cabinets\">\n        <div class=\"column-left\">\n            <h2>Sharebox m28<\/h2>\n            <p>Esta opci\u00f3n, que ocupa muy poco espacio, es perfecta para el interior del veh\u00edculo y proporciona un acceso r\u00e1pido y sencillo a las ruedas del veh\u00edculo, ya que est\u00e1n organizadas y controladas al mismo tiempo.<br><br>Edelstahl, Wandmontage<br>Gr\u00f6\u00dfe: (H x W x D): 80 x 60 x 14 cm<br>Gewicht: 50 kg &#8211; m28<br>Betrieb: Outdoor oder indoor<br>Drop-in: 4\u02ee Pantalla t\u00e1ctil<br>F\u00e4cher: 28 F\u00e4cher<br>F\u00e4cher Gr\u00f6\u00dfe (HxWxD): 6x8x5 cm<br><br><b>Auf Lager: 140 St\u00fcck &#8211; 20.11.2023<\/b><br><br><b>Preise<\/b><br><br>Duraci\u00f3n: 36 Monaten<br>Benutzerlizenz: \u20ac399 pro Monate<br>Einrichtungsgeb\u00fchr: \u20ac3900<br>Onboarding: \u20ac900 pro Standort<br>Mengenrabatt: Auf Anfragen<br>\r\n<\/p>\n\n                    <\/div>\n\n                                    <img decoding=\"async\" width=\"1024\" height=\"960\" src=\"https:\/\/sharebox.global\/wp-content\/uploads\/2022\/10\/M-blur_addedWhitespace@1000_1000.jpg\" class=\"column-right\" alt=\"\" srcset=\"https:\/\/sharebox.global\/wp-content\/uploads\/2022\/10\/M-blur_addedWhitespace@1000_1000.jpg 1067w, https:\/\/sharebox.global\/wp-content\/uploads\/2022\/10\/M-blur_addedWhitespace@1000_1000-300x281.jpg 300w, https:\/\/sharebox.global\/wp-content\/uploads\/2022\/10\/M-blur_addedWhitespace@1000_1000-768x720.jpg 768w\" sizes=\"(max-width: 1024px) 100vw, 1024px\" \/>                        <\/div> \n    <\/div> \n<\/div>\n\n\n\n\n<div id=\"text-with-image-with-border--block_d420712fbeb5c4a6967dab7e087bc7a1\" class=\"root-level-block text-with-image-with-border grid-70-30\">\n    <div class=\"container\">\n    <div class=\"column-cabinets\">\n        <div class=\"column-left\">\n            <h2>Sharebox i32<\/h2>\n            <p>Este expendedor de tapas es ideal para el interior de veh\u00edculos y empresas de servicios de mantenimiento que buscan un espacio entre espacio y capacidad. El i32 se adapta a tus necesidades, para que puedas disfrutar de tu viaje sin preocupaciones. <br><br>Aluminio y Edelstahl<br>Gr\u00f6\u00dfe: (H x W x D): 173 x 55 x 16 cm<br>Gewicht: 110 kg<br>Betrieb: Indoor terminal<br>Drop-in: 15\u02ee touchscreen<br>F\u00e4cher: 32 F\u00e4cher<br>F\u00e4cher Gr\u00f6\u00dfe (HxWxD): 6x8x5 cm\r\n<br><br><b>Auf Lager: 30 St\u00fcck &#8211; 20.11.2023<\/b><br><br><b>Preise<\/b><br><br>Plazo: 36 Monaten<br>Benutzerlizenz: \u20ac550 pro Monate<br>Einrichtungsgeb\u00fchr: \u20ac6900<br>Onboarding: \u20ac900 pro Standort<br>Mengenrabatt: Auf Anfragen<br><\/p>\n\n                    <\/div>\n\n                                    <img decoding=\"async\" width=\"1000\" height=\"750\" src=\"https:\/\/sharebox.global\/wp-content\/uploads\/2023\/06\/i-cab-no-logo.jpg\" class=\"column-right\" alt=\"\" srcset=\"https:\/\/sharebox.global\/wp-content\/uploads\/2023\/06\/i-cab-no-logo.jpg 1000w, https:\/\/sharebox.global\/wp-content\/uploads\/2023\/06\/i-cab-no-logo-300x225.jpg 300w, https:\/\/sharebox.global\/wp-content\/uploads\/2023\/06\/i-cab-no-logo-768x576.jpg 768w\" sizes=\"(max-width: 1000px) 100vw, 1000px\" \/>                        <\/div> \n    <\/div> \n<\/div>\n\n\n\n\n<div id=\"text-with-image-with-border--block_a1fd017f5ace5ac514ee9e01ff9cfa41\" class=\"root-level-block text-with-image-with-border grid-70-30\">\n    <div class=\"container\">\n    <div class=\"column-cabinets\">\n        <div class=\"column-left\">\n            <h2>Compartimento s32<\/h2>\n            <p>Para los ciudadanos que prefieren la m\u00e1xima seguridad y la prevenci\u00f3n de accidentes de tr\u00e1fico, los Autom\u00f3viles Premium se entregan a mano o se instalan las 24 horas en el taller.<br><br>El s32 est\u00e1 dotado de funciones de seguridad especiales, como la posibilidad de manipular las cuchillas y una estructura reforzada, y ofrece una protecci\u00f3n ejemplar para 32 cuchillas.\r\n <br><br>Hohe Sicherheit EN 1143-1 Safe<br>Gr\u00f6\u00dfe: (H x W x D): 195 x 70 x 30 cm<br>Gewicht: 355 kg + Betonblock 250 kg<br>Betrieb: Outdoor oder indoor<br>Drop-in: 4\u02ee Pantalla t\u00e1ctil<br>F\u00e4cher: 32 F\u00e4cher<br>F\u00e4cher Gr\u00f6\u00dfe (HxWxD): 5x6x9 cm\r\n<br><br><b>Auf Lager: 70 St\u00fcck &#8211; 20.11.2023<\/b><br><br><b>Preise<\/b><br><br>Duraci\u00f3n: 36 Monaten<br>Benutzerlizenz: \u20ac699 pro Monate<br>Einrichtungsgeb\u00fchr: \u20ac8900<br>Onboarding: \u20ac900 pro Standort<br>Mengenrabatt: Auf Anfragen<br>\r\n<\/p>\n\n                    <\/div>\n\n                                    <img decoding=\"async\" width=\"1000\" height=\"750\" src=\"https:\/\/sharebox.global\/wp-content\/uploads\/2023\/06\/S-cabinet-no-logo.jpg\" class=\"column-right\" alt=\"\" srcset=\"https:\/\/sharebox.global\/wp-content\/uploads\/2023\/06\/S-cabinet-no-logo.jpg 1000w, https:\/\/sharebox.global\/wp-content\/uploads\/2023\/06\/S-cabinet-no-logo-300x225.jpg 300w, https:\/\/sharebox.global\/wp-content\/uploads\/2023\/06\/S-cabinet-no-logo-768x576.jpg 768w\" sizes=\"(max-width: 1000px) 100vw, 1000px\" \/>                        <\/div> \n    <\/div> \n<\/div>\n\n<\/div>\n<\/div>\n\n<h2 class=\"wp-block-heading has-text-align-center\">Preguntas frecuentes<\/h2>\n\n<p class=\"has-text-align-center\"><strong>\u00bfC\u00f3mo funciona el proceso de venta en Sharebox?<\/strong><br\/>La Estaci\u00f3n de Servicio Sharebox puede ser suministrada directamente a los clientes de \u00abSharebox\u00bb.<\/p>\n\n<p class=\"has-text-align-center\"><strong>\u00bfEs posible utilizar la estaci\u00f3n de servicio Sharebox para todas las marcas?<\/strong><br\/>Ja, entweder im bereitgestellten Brand CI oder in einer neutralen CI.<\/p>\n\n<p class=\"has-text-align-center\"><strong>\u00bfEs posible individualizar la Estaci\u00f3n de Servicio Sharebox?<\/strong><br\/>El hardware y el software se ajustan a las directrices de la marca CD y deben ser compatibles con el funcionamiento de una autocaravana.<\/p>\n\n<p class=\"has-text-align-center\"><strong>\u00bfExiste un concurso mental?<\/strong><br\/>Nein, es gibt keine Mindestbestellmenge.<\/p>\n\n<p class=\"has-text-align-center\"><strong>\u00bfCon qu\u00e9 rapidez se puede instalar la Estaci\u00f3n de Servicio Sharebox?<\/strong><br\/>Si la cantidad deseada est\u00e1 disponible en la tienda, Sharebox podr\u00e1 envi\u00e1rtela en un plazo de 3 semanas. La instalaci\u00f3n puede realizarse en un plazo de diez d\u00edas. <\/p>\n\n<p class=\"has-text-align-center\"><strong>\u00bfC\u00f3mo funciona el Servicio de Asistencia T\u00e9cnica de la Estaci\u00f3n de Servicio Sharebox?<\/strong><br\/>El Servicio de Asistencia ser\u00e1 proporcionado por Sharebox. Por el momento, el soporte de primer nivel est\u00e1 disponible en alem\u00e1n, ingl\u00e9s, italiano y noruego las 24 horas del d\u00eda, los 7 d\u00edas de la semana. Para todos los dem\u00e1s idiomas, debe estar disponible la opci\u00f3n de soporte de varias horas con el cliente.  <\/p>\n\n<p class=\"has-text-align-center\"><strong>\u00bfD\u00f3nde se puede instalar la Estaci\u00f3n de Servicio Sharebox?<\/strong><br\/>La Estaci\u00f3n de Servicio Sharebox est\u00e1 clasificada seg\u00fan EN 1143-1 como Tresor y es resistente a la intemperie. Tambi\u00e9n se puede colocar en posici\u00f3n vertical. Tambi\u00e9n se puede colocar en posici\u00f3n vertical.  <\/p>\n\n<p class=\"has-text-align-center\"><strong>\u00bfEs posible un seguimiento personalizado de los Viajes del Cliente?<\/strong><br\/>Ja, Erg\u00e4nzungen\/Anpassungen m\u00fcssen aber mit der lokalen Rechtsabteilung abgestimmt werden.<\/p>\n\n<p class=\"has-text-align-center\"><strong>\u00bfEs posible integrar sistemas externos?<\/strong><br\/>S\u00ed, las etiquetas para sistemas DMS locales, etc., pueden ser programadas de nuevo por el cliente en funci\u00f3n del precio de compra.<\/p>\n\n<div class=\"wp-block-group is-layout-constrained wp-block-group-is-layout-constrained\">\n<div class=\"wp-block-columns are-vertically-aligned-center is-layout-flex wp-container-core-columns-is-layout-9d6595d7 wp-block-columns-is-layout-flex\">\n<div class=\"wp-block-column is-vertically-aligned-center is-layout-flow wp-block-column-is-layout-flow\" style=\"flex-basis:100%\">\n<div class=\"wp-block-columns is-layout-flex wp-container-core-columns-is-layout-9d6595d7 wp-block-columns-is-layout-flex\">\n<div class=\"wp-block-column is-vertically-aligned-center is-content-justification-center is-layout-constrained wp-block-column-is-layout-constrained\" style=\"flex-basis:100%\">\n<div style=\"height:100px\" aria-hidden=\"true\" class=\"wp-block-spacer\"><\/div>\n<\/div>\n<\/div>\n\n\n\n<div class=\"wp-block-group is-layout-constrained wp-container-core-group-is-layout-45f14f70 wp-block-group-is-layout-constrained\">\n<script charset=\"utf-8\" type=\"text\/javascript\" src=\"\/\/js.hsforms.net\/forms\/embed\/v2.js\"><\/script><script>hbspt.forms.create({\n    region: \"na1\",\n    portalId: \"4025274\",\n    formId: \"0d80fd8d-8aa3-40cc-977d-84f17a16ed28\"\n  });\n<\/script>\n<\/div>\n<\/div>\n<\/div>\n<\/div>\n\n<div style=\"height:100px\" aria-hidden=\"true\" class=\"wp-block-spacer\"><\/div>\n\n<p>. <\/p>\n","protected":false},"featured_media":0,"menu_order":0,"template":"","meta":{"_acf_changed":false,"content-type":"","inline_featured_image":false},"class_list":["post-44777","international","type-international","status-publish","hentry"],"acf":[],"yoast_head":"<!-- This site is optimized with the Yoast SEO plugin v27.5 - https:\/\/yoast.com\/product\/yoast-seo-wordpress\/ -->\n<title>Nexi DACH - Sharebox<\/title>\n<meta name=\"robots\" content=\"index, follow, max-snippet:-1, max-image-preview:large, max-video-preview:-1\" \/>\n<link rel=\"canonical\" href=\"https:\/\/sharebox.global\/es\/international\/nexi-dach-3\/\" \/>\n<meta property=\"og:locale\" content=\"es_ES\" \/>\n<meta property=\"og:type\" content=\"article\" \/>\n<meta property=\"og:title\" content=\"Nexi DACH - Sharebox\" \/>\n<meta property=\"og:description\" content=\"Selbsbediente 24h Fahrzeug\u00fcbergabe La Estaci\u00f3n de Servicio Sharebox es un sistema vollautomatizado de gesti\u00f3n de veh\u00edculos, con redes Nexi integradas a trav\u00e9s de una API,\" \/>\n<meta property=\"og:url\" content=\"https:\/\/sharebox.global\/es\/international\/nexi-dach-3\/\" \/>\n<meta property=\"og:site_name\" content=\"Sharebox\" \/>\n<meta property=\"article:publisher\" content=\"https:\/\/www.facebook.com\/SHAREBOX.NO\/\" \/>\n<meta property=\"article:modified_time\" content=\"2025-05-07T07:34:05+00:00\" \/>\n<meta property=\"og:image\" content=\"https:\/\/sharebox.global\/wp-content\/uploads\/2023\/11\/Malin-banner.jpg\" \/>\n\t<meta property=\"og:image:width\" content=\"1920\" \/>\n\t<meta property=\"og:image:height\" content=\"983\" \/>\n\t<meta property=\"og:image:type\" content=\"image\/jpeg\" \/>\n<meta name=\"twitter:card\" content=\"summary_large_image\" \/>\n<meta name=\"twitter:label1\" content=\"Tiempo de lectura\" \/>\n\t<meta name=\"twitter:data1\" content=\"2 minuto\" \/>\n<script type=\"application\/ld+json\" class=\"yoast-schema-graph\">{\"@context\":\"https:\\\/\\\/schema.org\",\"@graph\":[{\"@type\":\"WebPage\",\"@id\":\"https:\\\/\\\/sharebox.global\\\/es\\\/international\\\/nexi-dach-3\\\/\",\"url\":\"https:\\\/\\\/sharebox.global\\\/es\\\/international\\\/nexi-dach-3\\\/\",\"name\":\"Nexi DACH - Sharebox\",\"isPartOf\":{\"@id\":\"https:\\\/\\\/sharebox.global\\\/es\\\/#website\"},\"primaryImageOfPage\":{\"@id\":\"https:\\\/\\\/sharebox.global\\\/es\\\/international\\\/nexi-dach-3\\\/#primaryimage\"},\"image\":{\"@id\":\"https:\\\/\\\/sharebox.global\\\/es\\\/international\\\/nexi-dach-3\\\/#primaryimage\"},\"thumbnailUrl\":\"https:\\\/\\\/sharebox.global\\\/wp-content\\\/uploads\\\/2023\\\/11\\\/Malin-banner.jpg\",\"datePublished\":\"2025-04-04T09:06:22+00:00\",\"dateModified\":\"2025-05-07T07:34:05+00:00\",\"breadcrumb\":{\"@id\":\"https:\\\/\\\/sharebox.global\\\/es\\\/international\\\/nexi-dach-3\\\/#breadcrumb\"},\"inLanguage\":\"es\",\"potentialAction\":[{\"@type\":\"ReadAction\",\"target\":[\"https:\\\/\\\/sharebox.global\\\/es\\\/international\\\/nexi-dach-3\\\/\"]}]},{\"@type\":\"ImageObject\",\"inLanguage\":\"es\",\"@id\":\"https:\\\/\\\/sharebox.global\\\/es\\\/international\\\/nexi-dach-3\\\/#primaryimage\",\"url\":\"https:\\\/\\\/sharebox.global\\\/wp-content\\\/uploads\\\/2023\\\/11\\\/Malin-banner.jpg\",\"contentUrl\":\"https:\\\/\\\/sharebox.global\\\/wp-content\\\/uploads\\\/2023\\\/11\\\/Malin-banner.jpg\"},{\"@type\":\"BreadcrumbList\",\"@id\":\"https:\\\/\\\/sharebox.global\\\/es\\\/international\\\/nexi-dach-3\\\/#breadcrumb\",\"itemListElement\":[{\"@type\":\"ListItem\",\"position\":1,\"name\":\"Home\",\"item\":\"https:\\\/\\\/sharebox.global\\\/es\\\/\"},{\"@type\":\"ListItem\",\"position\":2,\"name\":\"Nexi DACH\"}]},{\"@type\":\"WebSite\",\"@id\":\"https:\\\/\\\/sharebox.global\\\/es\\\/#website\",\"url\":\"https:\\\/\\\/sharebox.global\\\/es\\\/\",\"name\":\"Sharebox\",\"description\":\"Infrastructure for 24\\\/7 vehicle handover\",\"publisher\":{\"@id\":\"https:\\\/\\\/sharebox.global\\\/es\\\/#organization\"},\"potentialAction\":[{\"@type\":\"SearchAction\",\"target\":{\"@type\":\"EntryPoint\",\"urlTemplate\":\"https:\\\/\\\/sharebox.global\\\/es\\\/?s={search_term_string}\"},\"query-input\":{\"@type\":\"PropertyValueSpecification\",\"valueRequired\":true,\"valueName\":\"search_term_string\"}}],\"inLanguage\":\"es\"},{\"@type\":\"Organization\",\"@id\":\"https:\\\/\\\/sharebox.global\\\/es\\\/#organization\",\"name\":\"Sharebox\",\"url\":\"https:\\\/\\\/sharebox.global\\\/es\\\/\",\"logo\":{\"@type\":\"ImageObject\",\"inLanguage\":\"es\",\"@id\":\"https:\\\/\\\/sharebox.global\\\/es\\\/#\\\/schema\\\/logo\\\/image\\\/\",\"url\":\"https:\\\/\\\/sharebox.global\\\/wp-content\\\/uploads\\\/2024\\\/04\\\/Sharebox-logo-red-on-white-500px.png\",\"contentUrl\":\"https:\\\/\\\/sharebox.global\\\/wp-content\\\/uploads\\\/2024\\\/04\\\/Sharebox-logo-red-on-white-500px.png\",\"width\":450,\"height\":63,\"caption\":\"Sharebox\"},\"image\":{\"@id\":\"https:\\\/\\\/sharebox.global\\\/es\\\/#\\\/schema\\\/logo\\\/image\\\/\"},\"sameAs\":[\"https:\\\/\\\/www.facebook.com\\\/SHAREBOX.NO\\\/\",\"https:\\\/\\\/www.linkedin.com\\\/company\\\/sharebox-as\\\/\",\"https:\\\/\\\/www.youtube.com\\\/channel\\\/UCGwoGdfNeD59c2s4qhf0gLQ\"]}]}<\/script>\n<!-- \/ Yoast SEO plugin. -->","yoast_head_json":{"title":"Nexi DACH - Sharebox","robots":{"index":"index","follow":"follow","max-snippet":"max-snippet:-1","max-image-preview":"max-image-preview:large","max-video-preview":"max-video-preview:-1"},"canonical":"https:\/\/sharebox.global\/es\/international\/nexi-dach-3\/","og_locale":"es_ES","og_type":"article","og_title":"Nexi DACH - Sharebox","og_description":"Selbsbediente 24h Fahrzeug\u00fcbergabe La Estaci\u00f3n de Servicio Sharebox es un sistema vollautomatizado de gesti\u00f3n de veh\u00edculos, con redes Nexi integradas a trav\u00e9s de una API,","og_url":"https:\/\/sharebox.global\/es\/international\/nexi-dach-3\/","og_site_name":"Sharebox","article_publisher":"https:\/\/www.facebook.com\/SHAREBOX.NO\/","article_modified_time":"2025-05-07T07:34:05+00:00","og_image":[{"width":1920,"height":983,"url":"https:\/\/sharebox.global\/wp-content\/uploads\/2023\/11\/Malin-banner.jpg","type":"image\/jpeg"}],"twitter_card":"summary_large_image","twitter_misc":{"Tiempo de lectura":"2 minuto"},"schema":{"@context":"https:\/\/schema.org","@graph":[{"@type":"WebPage","@id":"https:\/\/sharebox.global\/es\/international\/nexi-dach-3\/","url":"https:\/\/sharebox.global\/es\/international\/nexi-dach-3\/","name":"Nexi DACH - Sharebox","isPartOf":{"@id":"https:\/\/sharebox.global\/es\/#website"},"primaryImageOfPage":{"@id":"https:\/\/sharebox.global\/es\/international\/nexi-dach-3\/#primaryimage"},"image":{"@id":"https:\/\/sharebox.global\/es\/international\/nexi-dach-3\/#primaryimage"},"thumbnailUrl":"https:\/\/sharebox.global\/wp-content\/uploads\/2023\/11\/Malin-banner.jpg","datePublished":"2025-04-04T09:06:22+00:00","dateModified":"2025-05-07T07:34:05+00:00","breadcrumb":{"@id":"https:\/\/sharebox.global\/es\/international\/nexi-dach-3\/#breadcrumb"},"inLanguage":"es","potentialAction":[{"@type":"ReadAction","target":["https:\/\/sharebox.global\/es\/international\/nexi-dach-3\/"]}]},{"@type":"ImageObject","inLanguage":"es","@id":"https:\/\/sharebox.global\/es\/international\/nexi-dach-3\/#primaryimage","url":"https:\/\/sharebox.global\/wp-content\/uploads\/2023\/11\/Malin-banner.jpg","contentUrl":"https:\/\/sharebox.global\/wp-content\/uploads\/2023\/11\/Malin-banner.jpg"},{"@type":"BreadcrumbList","@id":"https:\/\/sharebox.global\/es\/international\/nexi-dach-3\/#breadcrumb","itemListElement":[{"@type":"ListItem","position":1,"name":"Home","item":"https:\/\/sharebox.global\/es\/"},{"@type":"ListItem","position":2,"name":"Nexi DACH"}]},{"@type":"WebSite","@id":"https:\/\/sharebox.global\/es\/#website","url":"https:\/\/sharebox.global\/es\/","name":"Sharebox","description":"Infrastructure for 24\/7 vehicle handover","publisher":{"@id":"https:\/\/sharebox.global\/es\/#organization"},"potentialAction":[{"@type":"SearchAction","target":{"@type":"EntryPoint","urlTemplate":"https:\/\/sharebox.global\/es\/?s={search_term_string}"},"query-input":{"@type":"PropertyValueSpecification","valueRequired":true,"valueName":"search_term_string"}}],"inLanguage":"es"},{"@type":"Organization","@id":"https:\/\/sharebox.global\/es\/#organization","name":"Sharebox","url":"https:\/\/sharebox.global\/es\/","logo":{"@type":"ImageObject","inLanguage":"es","@id":"https:\/\/sharebox.global\/es\/#\/schema\/logo\/image\/","url":"https:\/\/sharebox.global\/wp-content\/uploads\/2024\/04\/Sharebox-logo-red-on-white-500px.png","contentUrl":"https:\/\/sharebox.global\/wp-content\/uploads\/2024\/04\/Sharebox-logo-red-on-white-500px.png","width":450,"height":63,"caption":"Sharebox"},"image":{"@id":"https:\/\/sharebox.global\/es\/#\/schema\/logo\/image\/"},"sameAs":["https:\/\/www.facebook.com\/SHAREBOX.NO\/","https:\/\/www.linkedin.com\/company\/sharebox-as\/","https:\/\/www.youtube.com\/channel\/UCGwoGdfNeD59c2s4qhf0gLQ"]}]}},"_links":{"self":[{"href":"https:\/\/sharebox.global\/es\/wp-json\/wp\/v2\/international\/44777","targetHints":{"allow":["GET"]}}],"collection":[{"href":"https:\/\/sharebox.global\/es\/wp-json\/wp\/v2\/international"}],"about":[{"href":"https:\/\/sharebox.global\/es\/wp-json\/wp\/v2\/types\/international"}],"wp:attachment":[{"href":"https:\/\/sharebox.global\/es\/wp-json\/wp\/v2\/media?parent=44777"}],"curies":[{"name":"wp","href":"https:\/\/api.w.org\/{rel}","templated":true}]}}